{"id":861,"date":"2024-08-05T07:13:51","date_gmt":"2024-08-05T05:13:51","guid":{"rendered":"https:\/\/smb-kleinenbroich.de\/home\/?page_id=861"},"modified":"2026-08-27T22:43:54","modified_gmt":"2026-08-27T20:43:54","slug":"anmeldung-zur-fuss-und-radwallfahrt-nach-kevelaer-2025","status":"publish","type":"page","link":"https:\/\/smb-kleinenbroich.de\/home\/anmeldung-zur-fuss-und-radwallfahrt-nach-kevelaer-2025\/","title":{"rendered":"Anmeldung Kevelaerwallfahrt 2026"},"content":{"rendered":"\n<p class=\"wp-block-paragraph\">Ich melde mich verbindlich f\u00fcr die Fu\u00dfwallfahrt nach Kevelaer am Samstag 19.09.2026 an.<br>Bitte f\u00fcllt das nachfolgende Anmeldformular aus &#8211; die Anmeldebest\u00e4tigung erhaltet ihr dann zeitverz\u00f6gert, da sie manuell bearbeitet wird.<\/p>\n\n\n<style id=\"wpforms-css-vars-851-block-fa35a1de-d275-47ef-9973-0d234c34a3b9\">\n\t\t\t\t#wpforms-851.wpforms-block-fa35a1de-d275-47ef-9973-0d234c34a3b9 {\n\t\t\t\t--wpforms-field-size-input-height: 43px;\n--wpforms-field-size-input-spacing: 15px;\n--wpforms-field-size-font-size: 16px;\n--wpforms-field-size-line-height: 19px;\n--wpforms-field-size-padding-h: 14px;\n--wpforms-field-size-checkbox-size: 16px;\n--wpforms-field-size-sublabel-spacing: 5px;\n--wpforms-field-size-icon-size: 1;\n--wpforms-label-size-font-size: 16px;\n--wpforms-label-size-line-height: 19px;\n--wpforms-label-size-sublabel-font-size: 14px;\n--wpforms-label-size-sublabel-line-height: 17px;\n--wpforms-button-size-font-size: 17px;\n--wpforms-button-size-height: 41px;\n--wpforms-button-size-padding-h: 15px;\n--wpforms-button-size-margin-top: 10px;\n\t\t\t}\n\t\t\t<\/style><div class=\"wpforms-container wpforms-container-full wpforms-block wpforms-block-fa35a1de-d275-47ef-9973-0d234c34a3b9 wpforms-render-modern\" id=\"wpforms-851\"><form id=\"wpforms-form-851\" class=\"wpforms-validate wpforms-form wpforms-ajax-form\" data-formid=\"851\" method=\"post\" enctype=\"multipart\/form-data\" action=\"\/home\/wp-json\/wp\/v2\/pages\/861\" data-token=\"a12f84ac8f38772d2d07babe5f674f77\" data-token-time=\"1788157857\"><noscript class=\"wpforms-error-noscript\">Bitte aktiviere JavaScript in deinem Browser, um dieses Formular fertigzustellen.<\/noscript><div id=\"wpforms-error-noscript\" style=\"display: none;\">Bitte aktiviere JavaScript in deinem Browser, um dieses Formular fertigzustellen.<\/div><div class=\"wpforms-field-container\"><div id=\"wpforms-851-field_2-container\" class=\"wpforms-field wpforms-field-name\" data-field-id=\"2\"><fieldset><legend class=\"wpforms-field-label\">Name <span class=\"wpforms-required-label\" aria-hidden=\"true\">*<\/span><\/legend><div class=\"wpforms-field-row wpforms-field-medium\"><div class=\"wpforms-field-row-block wpforms-first wpforms-one-half\"><input type=\"text\" id=\"wpforms-851-field_2\" class=\"wpforms-field-name-first wpforms-field-required\" name=\"wpforms[fields][2][first]\" aria-errormessage=\"wpforms-851-field_2-error\" required><label for=\"wpforms-851-field_2\" class=\"wpforms-field-sublabel after\">Vorname<\/label><\/div><div class=\"wpforms-field-row-block wpforms-one-half\"><input type=\"text\" id=\"wpforms-851-field_2-last\" class=\"wpforms-field-name-last wpforms-field-required\" name=\"wpforms[fields][2][last]\" aria-errormessage=\"wpforms-851-field_2-last-error\" required><label for=\"wpforms-851-field_2-last\" class=\"wpforms-field-sublabel after\">Nachname<\/label><\/div><\/div><\/fieldset><\/div><div id=\"wpforms-851-field_9-container\" class=\"wpforms-field wpforms-field-text\" data-field-id=\"9\"><label class=\"wpforms-field-label\" for=\"wpforms-851-field_9\">Mobile Telefonnummer <span class=\"wpforms-required-label\" aria-hidden=\"true\">*<\/span><\/label><input type=\"text\" id=\"wpforms-851-field_9\" class=\"wpforms-field-medium wpforms-field-required\" name=\"wpforms[fields][9]\" aria-errormessage=\"wpforms-851-field_9-error\" required><\/div><div id=\"wpforms-851-field_3-container\" class=\"wpforms-field wpforms-field-email\" data-field-id=\"3\"><label class=\"wpforms-field-label\" for=\"wpforms-851-field_3\">E-Mail-Adresse <span class=\"wpforms-required-label\" aria-hidden=\"true\">*<\/span><\/label><input type=\"email\" id=\"wpforms-851-field_3\" class=\"wpforms-field-medium wpforms-field-required\" name=\"wpforms[fields][3]\" spellcheck=\"false\" aria-errormessage=\"wpforms-851-field_3-error\" required><\/div><div id=\"wpforms-851-field_8-container\" class=\"wpforms-field wpforms-field-select wpforms-field-select-style-classic\" data-field-id=\"8\"><label class=\"wpforms-field-label\" for=\"wpforms-851-field_8\">Fr\u00fchst\u00fcck <span class=\"wpforms-required-label\" aria-hidden=\"true\">*<\/span><\/label><select id=\"wpforms-851-field_8\" class=\"wpforms-field-medium wpforms-field-required\" name=\"wpforms[fields][8]\" required=\"required\"><option value=\"Bitte ausw\u00e4hlen\"  class=\"choice-1 depth-1\"  >Bitte ausw\u00e4hlen<\/option><option value=\"Fr\u00fchst\u00fcck (8,20\u20ac + Getr\u00e4nke)\"  class=\"choice-3 depth-1\"  >Fr\u00fchst\u00fcck (8,20\u20ac + Getr\u00e4nke)<\/option><option value=\"Kein Fr\u00fchst\u00fcck\"  class=\"choice-2 depth-1\"  >Kein Fr\u00fchst\u00fcck<\/option><\/select><\/div>\t\t<div id=\"wpforms-851-field_1-container\"\n\t\t\tclass=\"wpforms-field wpforms-field-text\"\n\t\t\tdata-field-type=\"text\"\n\t\t\tdata-field-id=\"1\"\n\t\t\t>\n\t\t\t<label class=\"wpforms-field-label\" for=\"wpforms-851-field_1\" >fahre Fr\u00fchst\u00fcck E-Mail-Adresse<\/label>\n\t\t\t<input type=\"text\" id=\"wpforms-851-field_1\" class=\"wpforms-field-medium\" name=\"wpforms[fields][1]\" >\n\t\t<\/div>\n\t\t<div id=\"wpforms-851-field_14-container\" class=\"wpforms-field wpforms-field-select wpforms-field-select-style-classic\" data-field-id=\"14\"><label class=\"wpforms-field-label\" for=\"wpforms-851-field_14\">Mittagessen <span class=\"wpforms-required-label\" aria-hidden=\"true\">*<\/span><\/label><select id=\"wpforms-851-field_14\" class=\"wpforms-field-medium wpforms-field-required\" name=\"wpforms[fields][14]\" required=\"required\"><option value=\"Bitte ausw\u00e4hlen\"  class=\"choice-1 depth-1\"  >Bitte ausw\u00e4hlen<\/option><option value=\"Schnitzelgericht, Pommes, Salat, So\u00dfen nach Auswahl vor Ort  (ca. 16 \u20ac)\"  class=\"choice-2 depth-1\"  >Schnitzelgericht, Pommes, Salat, So\u00dfen nach Auswahl vor Ort  (ca. 16 \u20ac)<\/option><option value=\"Frischer Gartensalat wahlweise mit Ziegenk\u00e4se, H\u00e4hnchen,  Garnelen (Auswahl Tapping vor Ort (15,40 EUR)\"  class=\"choice-5 depth-1\"  >Frischer Gartensalat wahlweise mit Ziegenk\u00e4se, H\u00e4hnchen,  Garnelen (Auswahl Tapping vor Ort (15,40 EUR)<\/option><option value=\"Kein Mittagessen\"  class=\"choice-4 depth-1\"  >Kein Mittagessen<\/option><\/select><\/div><div id=\"wpforms-851-field_15-container\" class=\"wpforms-field wpforms-field-select wpforms-field-select-style-classic\" data-field-id=\"15\"><label class=\"wpforms-field-label\" for=\"wpforms-851-field_15\">Ich fahre zur\u00fcck <span class=\"wpforms-required-label\" aria-hidden=\"true\">*<\/span><\/label><select id=\"wpforms-851-field_15\" class=\"wpforms-field-medium wpforms-field-required\" name=\"wpforms[fields][15]\" required=\"required\"><option value=\"Bitte ausw\u00e4hlen\"  class=\"choice-4 depth-1\"  >Bitte ausw\u00e4hlen<\/option><option value=\"Selbstorganisiert\"  class=\"choice-2 depth-1\"  >Selbstorganisiert<\/option><option value=\"Bitte organisiert mir eine R\u00fcckfahrgelegenheit\"  class=\"choice-3 depth-1\"  >Bitte organisiert mir eine R\u00fcckfahrgelegenheit<\/option><\/select><\/div><div id=\"wpforms-851-field_6-container\" class=\"wpforms-field wpforms-field-textarea\" data-field-id=\"6\"><label class=\"wpforms-field-label\" for=\"wpforms-851-field_6\">Anmerkungen<\/label><textarea id=\"wpforms-851-field_6\" class=\"wpforms-field-medium\" name=\"wpforms[fields][6]\" aria-errormessage=\"wpforms-851-field_6-error\" ><\/textarea><\/div><script>\n\t\t\t\t( function() {\n\t\t\t\t\tconst style = document.createElement( 'style' );\n\t\t\t\t\tstyle.appendChild( document.createTextNode( '#wpforms-851-field_1-container { position: absolute !important; overflow: hidden !important; display: inline !important; height: 1px !important; width: 1px !important; z-index: -1000 !important; padding: 0 !important; } #wpforms-851-field_1-container input { visibility: hidden; } #wpforms-conversational-form-page #wpforms-851-field_1-container label { counter-increment: none; }' ) );\n\t\t\t\t\tdocument.head.appendChild( style );\n\t\t\t\t\tdocument.currentScript?.remove();\n\t\t\t\t} )();\n\t\t\t<\/script><\/div><!-- .wpforms-field-container --><div class=\"wpforms-submit-container\" ><input type=\"hidden\" name=\"wpforms[id]\" value=\"851\"><input type=\"hidden\" name=\"page_title\" value=\"\"><input type=\"hidden\" name=\"page_url\" value=\"https:\/\/smb-kleinenbroich.de\/home\/wp-json\/wp\/v2\/pages\/861\"><input type=\"hidden\" name=\"url_referer\" value=\"\"><button type=\"submit\" name=\"wpforms[submit]\" id=\"wpforms-submit-851\" class=\"wpforms-submit\" data-alt-text=\"Wird gesendet\u00a0\u2026\" data-submit-text=\"Verbindlich anmelden\" aria-live=\"assertive\" value=\"wpforms-submit\">Verbindlich anmelden<\/button><img loading=\"lazy\" decoding=\"async\" src=\"https:\/\/smb-kleinenbroich.de\/wp-content\/plugins\/wpforms-lite\/assets\/images\/submit-spin.svg\" class=\"wpforms-submit-spinner\" style=\"display: none;\" width=\"26\" height=\"26\" alt=\"Wird geladen\"><\/div><\/form><\/div>  <!-- .wpforms-container -->\n\n\n<p class=\"wp-block-paragraph\"><\/p>\n","protected":false},"excerpt":{"rendered":"<p>Ich melde mich verbindlich f\u00fcr die Fu\u00dfwallfahrt nach Kevelaer am Samstag 19.09.2026 an.Bitte f\u00fcllt das nachfolgende Anmeldformular aus &#8211; die Anmeldebest\u00e4tigung erhaltet ihr dann&#8230;<\/p>\n","protected":false},"author":1,"featured_media":0,"parent":0,"menu_order":0,"comment_status":"closed","ping_status":"closed","template":"","meta":{"footnotes":""},"class_list":["post-861","page","type-page","status-publish","hentry"],"yoast_head":"<!-- This site is optimized with the Yoast SEO plugin v28.1 - https:\/\/yoast.com\/product\/yoast-seo-wordpress\/ -->\n<title>Anmeldung Kevelaerwallfahrt 2026 - st.matthias.bruderschaft<\/title>\n<meta name=\"robots\" content=\"index, follow, max-snippet:-1, max-image-preview:large, max-video-preview:-1\" \/>\n<link rel=\"canonical\" href=\"https:\/\/smb-kleinenbroich.de\/home\/anmeldung-zur-fuss-und-radwallfahrt-nach-kevelaer-2025\/\" \/>\n<meta property=\"og:locale\" content=\"de_DE\" \/>\n<meta property=\"og:type\" content=\"article\" \/>\n<meta property=\"og:title\" content=\"Anmeldung Kevelaerwallfahrt 2026 - st.matthias.bruderschaft\" \/>\n<meta property=\"og:description\" content=\"Ich melde mich verbindlich f\u00fcr die Fu\u00dfwallfahrt nach Kevelaer am Samstag 19.09.2026 an.Bitte f\u00fcllt das nachfolgende Anmeldformular aus &#8211; die Anmeldebest\u00e4tigung erhaltet ihr dann...\" \/>\n<meta property=\"og:url\" content=\"https:\/\/smb-kleinenbroich.de\/home\/anmeldung-zur-fuss-und-radwallfahrt-nach-kevelaer-2025\/\" \/>\n<meta property=\"og:site_name\" content=\"st.matthias.bruderschaft\" \/>\n<meta property=\"article:publisher\" content=\"https:\/\/www.facebook.com\/groups\/240086402704272\/\" \/>\n<meta property=\"article:modified_time\" content=\"2026-08-27T20:43:54+00:00\" \/>\n<meta name=\"twitter:card\" content=\"summary_large_image\" \/>\n<meta name=\"twitter:label1\" content=\"Gesch\u00e4tzte Lesezeit\" \/>\n\t<meta name=\"twitter:data1\" content=\"1\u00a0Minute\" \/>\n<script type=\"application\/ld+json\" class=\"yoast-schema-graph\">{\"@context\":\"https:\\\/\\\/schema.org\",\"@graph\":[{\"@type\":\"WebPage\",\"@id\":\"https:\\\/\\\/smb-kleinenbroich.de\\\/home\\\/anmeldung-zur-fuss-und-radwallfahrt-nach-kevelaer-2025\\\/\",\"url\":\"https:\\\/\\\/smb-kleinenbroich.de\\\/home\\\/anmeldung-zur-fuss-und-radwallfahrt-nach-kevelaer-2025\\\/\",\"name\":\"Anmeldung Kevelaerwallfahrt 2026 - st.matthias.bruderschaft\",\"isPartOf\":{\"@id\":\"https:\\\/\\\/smb-kleinenbroich.de\\\/home\\\/#website\"},\"datePublished\":\"2024-08-05T05:13:51+00:00\",\"dateModified\":\"2026-08-27T20:43:54+00:00\",\"breadcrumb\":{\"@id\":\"https:\\\/\\\/smb-kleinenbroich.de\\\/home\\\/anmeldung-zur-fuss-und-radwallfahrt-nach-kevelaer-2025\\\/#breadcrumb\"},\"inLanguage\":\"de\",\"potentialAction\":[{\"@type\":\"ReadAction\",\"target\":[\"https:\\\/\\\/smb-kleinenbroich.de\\\/home\\\/anmeldung-zur-fuss-und-radwallfahrt-nach-kevelaer-2025\\\/\"]}]},{\"@type\":\"BreadcrumbList\",\"@id\":\"https:\\\/\\\/smb-kleinenbroich.de\\\/home\\\/anmeldung-zur-fuss-und-radwallfahrt-nach-kevelaer-2025\\\/#breadcrumb\",\"itemListElement\":[{\"@type\":\"ListItem\",\"position\":1,\"name\":\"Startseite\",\"item\":\"https:\\\/\\\/smb-kleinenbroich.de\\\/home\\\/\"},{\"@type\":\"ListItem\",\"position\":2,\"name\":\"Anmeldung Kevelaerwallfahrt 2026\"}]},{\"@type\":\"WebSite\",\"@id\":\"https:\\\/\\\/smb-kleinenbroich.de\\\/home\\\/#website\",\"url\":\"https:\\\/\\\/smb-kleinenbroich.de\\\/home\\\/\",\"name\":\"st.matthias.bruderschaft\",\"description\":\"kleinenbroich\",\"publisher\":{\"@id\":\"https:\\\/\\\/smb-kleinenbroich.de\\\/home\\\/#organization\"},\"potentialAction\":[{\"@type\":\"SearchAction\",\"target\":{\"@type\":\"EntryPoint\",\"urlTemplate\":\"https:\\\/\\\/smb-kleinenbroich.de\\\/home\\\/?s={search_term_string}\"},\"query-input\":{\"@type\":\"PropertyValueSpecification\",\"valueRequired\":true,\"valueName\":\"search_term_string\"}}],\"inLanguage\":\"de\"},{\"@type\":\"Organization\",\"@id\":\"https:\\\/\\\/smb-kleinenbroich.de\\\/home\\\/#organization\",\"name\":\"st.matthias.bruderschaft\",\"url\":\"https:\\\/\\\/smb-kleinenbroich.de\\\/home\\\/\",\"logo\":{\"@type\":\"ImageObject\",\"inLanguage\":\"de\",\"@id\":\"https:\\\/\\\/smb-kleinenbroich.de\\\/home\\\/#\\\/schema\\\/logo\\\/image\\\/\",\"url\":\"https:\\\/\\\/smb-kleinenbroich.de\\\/wp-content\\\/uploads\\\/2023\\\/11\\\/cropped-SMB-Logo200x200.png\",\"contentUrl\":\"https:\\\/\\\/smb-kleinenbroich.de\\\/wp-content\\\/uploads\\\/2023\\\/11\\\/cropped-SMB-Logo200x200.png\",\"width\":200,\"height\":200,\"caption\":\"st.matthias.bruderschaft\"},\"image\":{\"@id\":\"https:\\\/\\\/smb-kleinenbroich.de\\\/home\\\/#\\\/schema\\\/logo\\\/image\\\/\"},\"sameAs\":[\"https:\\\/\\\/www.facebook.com\\\/groups\\\/240086402704272\\\/\"]}]}<\/script>\n<!-- \/ Yoast SEO plugin. -->","yoast_head_json":{"title":"Anmeldung Kevelaerwallfahrt 2026 - st.matthias.bruderschaft","robots":{"index":"index","follow":"follow","max-snippet":"max-snippet:-1","max-image-preview":"max-image-preview:large","max-video-preview":"max-video-preview:-1"},"canonical":"https:\/\/smb-kleinenbroich.de\/home\/anmeldung-zur-fuss-und-radwallfahrt-nach-kevelaer-2025\/","og_locale":"de_DE","og_type":"article","og_title":"Anmeldung Kevelaerwallfahrt 2026 - st.matthias.bruderschaft","og_description":"Ich melde mich verbindlich f\u00fcr die Fu\u00dfwallfahrt nach Kevelaer am Samstag 19.09.2026 an.Bitte f\u00fcllt das nachfolgende Anmeldformular aus &#8211; die Anmeldebest\u00e4tigung erhaltet ihr dann...","og_url":"https:\/\/smb-kleinenbroich.de\/home\/anmeldung-zur-fuss-und-radwallfahrt-nach-kevelaer-2025\/","og_site_name":"st.matthias.bruderschaft","article_publisher":"https:\/\/www.facebook.com\/groups\/240086402704272\/","article_modified_time":"2026-08-27T20:43:54+00:00","twitter_card":"summary_large_image","twitter_misc":{"Gesch\u00e4tzte Lesezeit":"1\u00a0Minute"},"schema":{"@context":"https:\/\/schema.org","@graph":[{"@type":"WebPage","@id":"https:\/\/smb-kleinenbroich.de\/home\/anmeldung-zur-fuss-und-radwallfahrt-nach-kevelaer-2025\/","url":"https:\/\/smb-kleinenbroich.de\/home\/anmeldung-zur-fuss-und-radwallfahrt-nach-kevelaer-2025\/","name":"Anmeldung Kevelaerwallfahrt 2026 - st.matthias.bruderschaft","isPartOf":{"@id":"https:\/\/smb-kleinenbroich.de\/home\/#website"},"datePublished":"2024-08-05T05:13:51+00:00","dateModified":"2026-08-27T20:43:54+00:00","breadcrumb":{"@id":"https:\/\/smb-kleinenbroich.de\/home\/anmeldung-zur-fuss-und-radwallfahrt-nach-kevelaer-2025\/#breadcrumb"},"inLanguage":"de","potentialAction":[{"@type":"ReadAction","target":["https:\/\/smb-kleinenbroich.de\/home\/anmeldung-zur-fuss-und-radwallfahrt-nach-kevelaer-2025\/"]}]},{"@type":"BreadcrumbList","@id":"https:\/\/smb-kleinenbroich.de\/home\/anmeldung-zur-fuss-und-radwallfahrt-nach-kevelaer-2025\/#breadcrumb","itemListElement":[{"@type":"ListItem","position":1,"name":"Startseite","item":"https:\/\/smb-kleinenbroich.de\/home\/"},{"@type":"ListItem","position":2,"name":"Anmeldung Kevelaerwallfahrt 2026"}]},{"@type":"WebSite","@id":"https:\/\/smb-kleinenbroich.de\/home\/#website","url":"https:\/\/smb-kleinenbroich.de\/home\/","name":"st.matthias.bruderschaft","description":"kleinenbroich","publisher":{"@id":"https:\/\/smb-kleinenbroich.de\/home\/#organization"},"potentialAction":[{"@type":"SearchAction","target":{"@type":"EntryPoint","urlTemplate":"https:\/\/smb-kleinenbroich.de\/home\/?s={search_term_string}"},"query-input":{"@type":"PropertyValueSpecification","valueRequired":true,"valueName":"search_term_string"}}],"inLanguage":"de"},{"@type":"Organization","@id":"https:\/\/smb-kleinenbroich.de\/home\/#organization","name":"st.matthias.bruderschaft","url":"https:\/\/smb-kleinenbroich.de\/home\/","logo":{"@type":"ImageObject","inLanguage":"de","@id":"https:\/\/smb-kleinenbroich.de\/home\/#\/schema\/logo\/image\/","url":"https:\/\/smb-kleinenbroich.de\/wp-content\/uploads\/2023\/11\/cropped-SMB-Logo200x200.png","contentUrl":"https:\/\/smb-kleinenbroich.de\/wp-content\/uploads\/2023\/11\/cropped-SMB-Logo200x200.png","width":200,"height":200,"caption":"st.matthias.bruderschaft"},"image":{"@id":"https:\/\/smb-kleinenbroich.de\/home\/#\/schema\/logo\/image\/"},"sameAs":["https:\/\/www.facebook.com\/groups\/240086402704272\/"]}]}},"jetpack_sharing_enabled":true,"publishpress_future_action":{"enabled":false,"date":"2026-09-07 08:30:57","action":"change-status","newStatus":"draft","terms":[],"taxonomy":"","extraData":[]},"publishpress_future_workflow_manual_trigger":{"enabledWorkflows":[]},"_links":{"self":[{"href":"https:\/\/smb-kleinenbroich.de\/home\/wp-json\/wp\/v2\/pages\/861","targetHints":{"allow":["GET"]}}],"collection":[{"href":"https:\/\/smb-kleinenbroich.de\/home\/wp-json\/wp\/v2\/pages"}],"about":[{"href":"https:\/\/smb-kleinenbroich.de\/home\/wp-json\/wp\/v2\/types\/page"}],"author":[{"embeddable":true,"href":"https:\/\/smb-kleinenbroich.de\/home\/wp-json\/wp\/v2\/users\/1"}],"replies":[{"embeddable":true,"href":"https:\/\/smb-kleinenbroich.de\/home\/wp-json\/wp\/v2\/comments?post=861"}],"version-history":[{"count":7,"href":"https:\/\/smb-kleinenbroich.de\/home\/wp-json\/wp\/v2\/pages\/861\/revisions"}],"predecessor-version":[{"id":1226,"href":"https:\/\/smb-kleinenbroich.de\/home\/wp-json\/wp\/v2\/pages\/861\/revisions\/1226"}],"wp:attachment":[{"href":"https:\/\/smb-kleinenbroich.de\/home\/wp-json\/wp\/v2\/media?parent=861"}],"curies":[{"name":"wp","href":"https:\/\/api.w.org\/{rel}","templated":true}]}}